{"id":35,"date":"2017-02-22T10:18:59","date_gmt":"2017-02-22T09:18:59","guid":{"rendered":"http:\/\/bru-stars.be\/?page_id=35"},"modified":"2024-08-22T16:24:30","modified_gmt":"2024-08-22T14:24:30","slug":"la-nouvelle-politique","status":"publish","type":"page","link":"https:\/\/www.bru-stars.be\/en\/onthaal\/la-nouvelle-politique\/","title":{"rendered":"La nouvelle politique"},"content":{"rendered":"<p>&nbsp;<\/p>\n<p><span style=\"color: #000000; font-family: Calibri;\">Le 30 mars 2015, le Guide <em>\u00ab\u00a0vers une nouvelle politique de soins de sant\u00e9 mentale pour enfants et adolescents\u00a0\u00bb <a href=\"http:\/\/www.psy0-18.be\/\">[1]<\/a><\/em><\/span><span style=\"color: #000000; font-family: Calibri;\">\u00a0\u00e9tait approuv\u00e9 par la Conf\u00e9rence Interminist\u00e9rielle Sant\u00e9 publique. Y est pos\u00e9 le fondement d\u2019une nouvelle politique de soins de sant\u00e9 mentale bas\u00e9e sur les besoins des enfants et des adolescents pr\u00e9sentant des probl\u00e8mes psychiques ou psychologiques et de leur entourage. \u00a0<\/span><\/p>\n<p><span style=\"color: #000000; font-family: Calibri;\">Ce Guide repose sur le cadre et les exp\u00e9riences du guide pour adultes et jeunes adultes, avec la d\u00e9sinstitutionalisation, l\u2019inclusion, la d\u00e9-cat\u00e9gorisation, l\u2019intensification et la consolidation comme mots cl\u00e9s, et prend en consid\u00e9ration la sp\u00e9cificit\u00e9 du groupe cible des 0 \u00e0 18 ans. Une attention sp\u00e9cifique est accord\u00e9e aux jeunes de la tranche d&#8217;\u00e2ge charni\u00e8re allant de 16 \u00e0 23 ans.<\/span><\/p>\n<p><span style=\"color: #000000; font-family: Calibri;\">La vision de la nouvelle politique de sant\u00e9 mentale pour enfants et adolescents repose sur l\u2019approche globale et int\u00e9gr\u00e9e de toutes les composantes de soins. Les initiatives politiques d\u00e9j\u00e0 en place au sein des communaut\u00e9s et r\u00e9gions ainsi que les r\u00e9glementations concern\u00e9es sont prises en consid\u00e9ration. En Flandre on tient compte du d\u00e9cret \u2018Integrale Jeugdhulp\u2019 du 12 juillet 2013.<\/span><\/p>\n<p><span style=\"color: #000000; font-family: Calibri;\">Cette nouvelle politique porte prioritairement sur les enfants et adolescents de 0 \u00e0 18 ans et leur entourage. Outre leur entourage naturel (parents, famille, autres \u00e9ducateurs, amis, &#8230;), la politique tient compte de l&#8217;importance de la collaboration et de l\u2019articulation avec tous les partenaires du secteur de la sant\u00e9 mentale, par ex. les consultations priv\u00e9es (psychologues, psychiatres, \u2026) ainsi que par ex. du secteur qui s\u2019adresse au groupe cible des adultes (tels que les jeunes adultes, les parents d\u2019enfants ou d\u2019adolescents,\u2026) mais \u00e9galement les partenaires provenant des autres secteurs (ex. Enseignement, Sport, Accueil de la petite enfance, M\u00e9decine de premi\u00e8re ligne, Aide et protection de la jeunesse, Emploi, Pr\u00e9vention en mati\u00e8re de sant\u00e9).<\/span><\/p>\n<p><span style=\"color: #000000; font-family: Calibri;\">La nouvelle politique de sant\u00e9 pour enfants et adolescents doit partir d&#8217;une approche globale et int\u00e9gr\u00e9e de toutes les composantes de soins. C\u2019est de ce principe de base que d\u00e9coule l\u2019id\u00e9e de travailler selon des programmes r\u00e9alis\u00e9s par des circuits de soins, dans des r\u00e9seaux provinciaux. Autrement dit, il s\u2019agit de l\u2019ensemble des partenaires concern\u00e9s, de prestataires de soins, d\u2019institutions et de services qui s\u2019adressent aux enfants, aux adolescents et \u00e0 leur entourage. Ils r\u00e9alisent ensemble, \u00e0 partir du r\u00e9seau, un certain nombre de missions ou de fonctions fondamentales bien d\u00e9finies. Ces fonctions constituent, pour chaque r\u00e9seau, les activit\u00e9s de base de la future offre de soins \u00e0 d\u00e9velopper dans un ou plusieurs programmes. Afin de les concr\u00e9tiser, des modalit\u00e9s sont li\u00e9es aux fonctions. Les programmes \u00e9manent toujours des besoins des enfants, des adolescents et leur entourage.<\/span><\/p>\n<p><span style=\"color: #000000; font-family: Calibri;\">Toutes les formes de soins se coordonnent afin de permettre compl\u00e9mentarit\u00e9 et continuit\u00e9 des soins et en m\u00eame temps d\u2019\u00e9viter les chevauchements. Il convient d&#8217;\u00e9laborer un mod\u00e8le fonctionnel qui d\u00e9finira, d&#8217;une part, l&#8217;offre de soins n\u00e9cessaire qu&#8217;une zone d\u2019activit\u00e9 doit organiser, et, d&#8217;autre part, l&#8217;importance d&#8217;une coop\u00e9ration intersectorielle via le travail en r\u00e9seau.<\/span><\/p>\n<p><span style=\"color: #000000; font-family: Calibri;\">Les champs d\u2019action des r\u00e9seaux co\u00efncident avec les fronti\u00e8res territoriales des provinces et de la R\u00e9gion de Bruxelles-Capitale. L\u2019ensemble de ces champs d\u2019action couvre le territoire belge dans sa totalit\u00e9.<\/span><\/p>\n<p><span style=\"color: #000000; font-family: Calibri;\">Cinq fonctions sont distingu\u00e9es dans cette nouvelle politique de sant\u00e9 mentale pour les enfants, les adolescents et leur entourage. Les quatre premi\u00e8res fonctions sont des fonctions essentielles \u00e0 la sant\u00e9 mentale. La derni\u00e8re fonction est une fonction de support, transversale, con\u00e7ue par l\u2019ensemble des partenaires.<\/span><\/p>\n<ol style=\"list-style-type: lower-alpha;\">\n<li><span style=\"color: #000000; font-family: Calibri;\">D\u00e9tection pr\u00e9coce, screening et orientation<\/span><\/li>\n<li><span style=\"color: #000000; font-family: Calibri;\">Diagnostic<\/span><\/li>\n<li><span style=\"color: #000000; font-family: Calibri;\">Traitement<\/span><\/li>\n<li><span style=\"color: #000000; font-family: Calibri;\">Inclusion dans tous les domaines de vie<\/span><\/li>\n<li><span style=\"color: #000000; font-family: Calibri;\">Echange et valorisation de l\u2019expertise<\/span><\/li>\n<\/ol>\n<p><span style=\"color: #000000; font-family: Calibri;\">La nouvelle politique de soins de sant\u00e9 mentale est impl\u00e9ment\u00e9e en plusieurs phases. Dans un premier temps, l&#8217;accent a \u00e9t\u00e9 mis sur la cr\u00e9ation et la coordination des r\u00e9seaux. D\u00e8s que des r\u00e9seaux fonctionnels auraient \u00e9t\u00e9 mis en place sur le terrain, conform\u00e9ment \u00e0 la vision, aux principes et au mod\u00e8le d\u00e9crit dans le guide, la deuxi\u00e8me phase de la nouvelle politique \u00e9tait mise en \u0153uvre. Le d\u00e9veloppement d\u2019un programme de soins de crise constitue l&#8217;\u00e9l\u00e9ment central de cette deuxi\u00e8me. Le programme de soins de crise est global. Cela signifie qu&#8217;il s&#8217;inscrit dans l&#8217;offre de crise de tous les partenaires concern\u00e9s, prestataires de soins, institutions et services qui s\u2019adressent aux enfants, aux adolescents et \u00e0 leur entourage. Les troisi\u00e8me et quatri\u00e8me phases sont planifi\u00e9es d\u00e8s 2016 et comprendront la r\u00e9alisation des programmes assertive care (soins de longue dur\u00e9e\/aanklampende zorg) et de consultation et liaison intersectorielle.<\/span><\/p>\n<p><span style=\"color: #000000; font-family: Calibri;\">Pour la r\u00e9gion de Bruxelles-Capitale et dans le cadre de cette nouvelle politique, Bru-Stars, le r\u00e9seau bruxellois en sant\u00e9 mentale pour les enfants et les adolescents a \u00e9t\u00e9 construit \u00e0 partir de juillet 2015. Ce r\u00e9seau r\u00e9unit tous les partenaires (n\u00e9erlandophones, francophones, bilingues et multilingues) \u00e0 Bruxelles. La coordination de ce r\u00e9seau est h\u00e9berg\u00e9e \u00e0 la Plate-forme de Concertation pour la Sant\u00e9 Mentale en R\u00e9gion de Bruxelles-Capitale. Le programme de soins de crise a \u00e9t\u00e9 approuv\u00e9 d\u00e9but d\u00e9cembre 2015 et sera impl\u00e9ment\u00e9 \u00e0 partir de janvier 2016. Les autres programmes seront d\u00e9velopp\u00e9s dans le cours de l\u2019ann\u00e9e 2016.<\/span><\/p>","protected":false},"excerpt":{"rendered":"<p>&nbsp; Le 30 mars 2015, le Guide \u00ab\u00a0vers une nouvelle politique de soins de sant\u00e9 mentale pour enfants et adolescents\u00a0\u00bb [1]\u00a0\u00e9tait approuv\u00e9 par la Conf\u00e9rence Interminist\u00e9rielle Sant\u00e9 publique. Y est<a href=\"https:\/\/www.bru-stars.be\/en\/onthaal\/la-nouvelle-politique\/\" class=\"more-link\">Read More <span class=\"screen-reader-text\">La nouvelle politique<\/span><\/a><\/p>\n","protected":false},"author":1,"featured_media":2202,"parent":28,"menu_order":0,"comment_status":"closed","ping_status":"closed","template":"","meta":{"om_disable_all_campaigns":false,"_monsterinsights_skip_tracking":false,"_monsterinsights_sitenote_active":false,"_monsterinsights_sitenote_note":"","_monsterinsights_sitenote_category":0,"_uf_show_specific_survey":0,"_uf_disable_surveys":false,"footnotes":""},"aioseo_notices":[],"yoast_head":"<!-- This site is optimized with the Yoast SEO plugin v21.0 - https:\/\/yoast.com\/wordpress\/plugins\/seo\/ -->\n<title>La nouvelle politique - Bru-Stars<\/title>\n<meta name=\"robots\" content=\"index, follow, max-snippet:-1, max-image-preview:large, max-video-preview:-1\" \/>\n<link rel=\"canonical\" href=\"https:\/\/www.bru-stars.be\/nl\/onthaal\/la-nouvelle-politique\/\" \/>\n<meta property=\"og:locale\" content=\"en_US\" \/>\n<meta property=\"og:type\" content=\"article\" \/>\n<meta property=\"og:title\" content=\"La nouvelle politique - Bru-Stars\" \/>\n<meta property=\"og:description\" content=\"&nbsp; Le 30 mars 2015, le Guide \u00ab\u00a0vers une nouvelle politique de soins de sant\u00e9 mentale pour enfants et adolescents\u00a0\u00bb [1]\u00a0\u00e9tait approuv\u00e9 par la Conf\u00e9rence Interminist\u00e9rielle Sant\u00e9 publique. Y estRead More La nouvelle politique\" \/>\n<meta property=\"og:url\" content=\"https:\/\/www.bru-stars.be\/nl\/onthaal\/la-nouvelle-politique\/\" \/>\n<meta property=\"og:site_name\" content=\"Bru-Stars\" \/>\n<meta property=\"article:modified_time\" content=\"2024-08-22T14:24:30+00:00\" \/>\n<meta property=\"og:image\" content=\"https:\/\/www.bru-stars.be\/wp-content\/uploads\/2024\/08\/Banner-Site-Web-10.png\" \/>\n\t<meta property=\"og:image:width\" content=\"4950\" \/>\n\t<meta property=\"og:image:height\" content=\"1238\" \/>\n\t<meta property=\"og:image:type\" content=\"image\/png\" \/>\n<meta name=\"twitter:card\" content=\"summary_large_image\" \/>\n<meta name=\"twitter:label1\" content=\"Est. reading time\" \/>\n\t<meta name=\"twitter:data1\" content=\"4 minutes\" \/>\n<script type=\"application\/ld+json\" class=\"yoast-schema-graph\">{\"@context\":\"https:\/\/schema.org\",\"@graph\":[{\"@type\":\"WebPage\",\"@id\":\"https:\/\/www.bru-stars.be\/nl\/onthaal\/la-nouvelle-politique\/\",\"url\":\"https:\/\/www.bru-stars.be\/nl\/onthaal\/la-nouvelle-politique\/\",\"name\":\"La nouvelle politique - Bru-Stars\",\"isPartOf\":{\"@id\":\"https:\/\/www.bru-stars.be\/#website\"},\"datePublished\":\"2017-02-22T09:18:59+00:00\",\"dateModified\":\"2024-08-22T14:24:30+00:00\",\"breadcrumb\":{\"@id\":\"https:\/\/www.bru-stars.be\/nl\/onthaal\/la-nouvelle-politique\/#breadcrumb\"},\"inLanguage\":\"en-US\",\"potentialAction\":[{\"@type\":\"ReadAction\",\"target\":[\"https:\/\/www.bru-stars.be\/nl\/onthaal\/la-nouvelle-politique\/\"]}]},{\"@type\":\"BreadcrumbList\",\"@id\":\"https:\/\/www.bru-stars.be\/nl\/onthaal\/la-nouvelle-politique\/#breadcrumb\",\"itemListElement\":[{\"@type\":\"ListItem\",\"position\":1,\"name\":\"Accueil\",\"item\":\"https:\/\/www.bru-stars.be\/\"},{\"@type\":\"ListItem\",\"position\":2,\"name\":\"Accueil\",\"item\":\"https:\/\/www.bru-stars.be\/\"},{\"@type\":\"ListItem\",\"position\":3,\"name\":\"Nieuw GGZ-beleid\"}]},{\"@type\":\"WebSite\",\"@id\":\"https:\/\/www.bru-stars.be\/#website\",\"url\":\"https:\/\/www.bru-stars.be\/\",\"name\":\"Bru-Stars\",\"description\":\"R\u00e9seau bruxellois en sante mentale pour enfants et adolescents \u00b7 Brussels netwerk geestelijke gezondheid voor kinderen en jongeren\",\"publisher\":{\"@id\":\"https:\/\/www.bru-stars.be\/#organization\"},\"potentialAction\":[{\"@type\":\"SearchAction\",\"target\":{\"@type\":\"EntryPoint\",\"urlTemplate\":\"https:\/\/www.bru-stars.be\/?s={search_term_string}\"},\"query-input\":\"required name=search_term_string\"}],\"inLanguage\":\"en-US\"},{\"@type\":\"Organization\",\"@id\":\"https:\/\/www.bru-stars.be\/#organization\",\"name\":\"Bru-Stars\",\"url\":\"https:\/\/www.bru-stars.be\/\",\"logo\":{\"@type\":\"ImageObject\",\"inLanguage\":\"en-US\",\"@id\":\"https:\/\/www.bru-stars.be\/#\/schema\/logo\/image\/\",\"url\":\"https:\/\/www.bru-stars.be\/wp-content\/uploads\/2024\/07\/nouveau-logo-brustars.svg\",\"contentUrl\":\"https:\/\/www.bru-stars.be\/wp-content\/uploads\/2024\/07\/nouveau-logo-brustars.svg\",\"caption\":\"Bru-Stars\"},\"image\":{\"@id\":\"https:\/\/www.bru-stars.be\/#\/schema\/logo\/image\/\"}}]}<\/script>\n<!-- \/ Yoast SEO plugin. -->","yoast_head_json":{"title":"La nouvelle politique - Bru-Stars","robots":{"index":"index","follow":"follow","max-snippet":"max-snippet:-1","max-image-preview":"max-image-preview:large","max-video-preview":"max-video-preview:-1"},"canonical":"https:\/\/www.bru-stars.be\/nl\/onthaal\/la-nouvelle-politique\/","og_locale":"en_US","og_type":"article","og_title":"La nouvelle politique - Bru-Stars","og_description":"&nbsp; Le 30 mars 2015, le Guide \u00ab\u00a0vers une nouvelle politique de soins de sant\u00e9 mentale pour enfants et adolescents\u00a0\u00bb [1]\u00a0\u00e9tait approuv\u00e9 par la Conf\u00e9rence Interminist\u00e9rielle Sant\u00e9 publique. Y estRead More La nouvelle politique","og_url":"https:\/\/www.bru-stars.be\/nl\/onthaal\/la-nouvelle-politique\/","og_site_name":"Bru-Stars","article_modified_time":"2024-08-22T14:24:30+00:00","og_image":[{"width":4950,"height":1238,"url":"https:\/\/www.bru-stars.be\/wp-content\/uploads\/2024\/08\/Banner-Site-Web-10.png","type":"image\/png"}],"twitter_card":"summary_large_image","twitter_misc":{"Est. reading time":"4 minutes"},"schema":{"@context":"https:\/\/schema.org","@graph":[{"@type":"WebPage","@id":"https:\/\/www.bru-stars.be\/nl\/onthaal\/la-nouvelle-politique\/","url":"https:\/\/www.bru-stars.be\/nl\/onthaal\/la-nouvelle-politique\/","name":"La nouvelle politique - Bru-Stars","isPartOf":{"@id":"https:\/\/www.bru-stars.be\/#website"},"datePublished":"2017-02-22T09:18:59+00:00","dateModified":"2024-08-22T14:24:30+00:00","breadcrumb":{"@id":"https:\/\/www.bru-stars.be\/nl\/onthaal\/la-nouvelle-politique\/#breadcrumb"},"inLanguage":"en-US","potentialAction":[{"@type":"ReadAction","target":["https:\/\/www.bru-stars.be\/nl\/onthaal\/la-nouvelle-politique\/"]}]},{"@type":"BreadcrumbList","@id":"https:\/\/www.bru-stars.be\/nl\/onthaal\/la-nouvelle-politique\/#breadcrumb","itemListElement":[{"@type":"ListItem","position":1,"name":"Accueil","item":"https:\/\/www.bru-stars.be\/"},{"@type":"ListItem","position":2,"name":"Accueil","item":"https:\/\/www.bru-stars.be\/"},{"@type":"ListItem","position":3,"name":"Nieuw GGZ-beleid"}]},{"@type":"WebSite","@id":"https:\/\/www.bru-stars.be\/#website","url":"https:\/\/www.bru-stars.be\/","name":"Bru-Stars","description":"R\u00e9seau bruxellois en sante mentale pour enfants et adolescents \u00b7 Brussels netwerk geestelijke gezondheid voor kinderen en jongeren","publisher":{"@id":"https:\/\/www.bru-stars.be\/#organization"},"potentialAction":[{"@type":"SearchAction","target":{"@type":"EntryPoint","urlTemplate":"https:\/\/www.bru-stars.be\/?s={search_term_string}"},"query-input":"required name=search_term_string"}],"inLanguage":"en-US"},{"@type":"Organization","@id":"https:\/\/www.bru-stars.be\/#organization","name":"Bru-Stars","url":"https:\/\/www.bru-stars.be\/","logo":{"@type":"ImageObject","inLanguage":"en-US","@id":"https:\/\/www.bru-stars.be\/#\/schema\/logo\/image\/","url":"https:\/\/www.bru-stars.be\/wp-content\/uploads\/2024\/07\/nouveau-logo-brustars.svg","contentUrl":"https:\/\/www.bru-stars.be\/wp-content\/uploads\/2024\/07\/nouveau-logo-brustars.svg","caption":"Bru-Stars"},"image":{"@id":"https:\/\/www.bru-stars.be\/#\/schema\/logo\/image\/"}}]}},"_links":{"self":[{"href":"https:\/\/www.bru-stars.be\/en\/wp-json\/wp\/v2\/pages\/35"}],"collection":[{"href":"https:\/\/www.bru-stars.be\/en\/wp-json\/wp\/v2\/pages"}],"about":[{"href":"https:\/\/www.bru-stars.be\/en\/wp-json\/wp\/v2\/types\/page"}],"author":[{"embeddable":true,"href":"https:\/\/www.bru-stars.be\/en\/wp-json\/wp\/v2\/users\/1"}],"replies":[{"embeddable":true,"href":"https:\/\/www.bru-stars.be\/en\/wp-json\/wp\/v2\/comments?post=35"}],"version-history":[{"count":49,"href":"https:\/\/www.bru-stars.be\/en\/wp-json\/wp\/v2\/pages\/35\/revisions"}],"predecessor-version":[{"id":2007,"href":"https:\/\/www.bru-stars.be\/en\/wp-json\/wp\/v2\/pages\/35\/revisions\/2007"}],"up":[{"embeddable":true,"href":"https:\/\/www.bru-stars.be\/en\/wp-json\/wp\/v2\/pages\/28"}],"wp:featuredmedia":[{"embeddable":true,"href":"https:\/\/www.bru-stars.be\/en\/wp-json\/wp\/v2\/media\/2202"}],"wp:attachment":[{"href":"https:\/\/www.bru-stars.be\/en\/wp-json\/wp\/v2\/media?parent=35"}],"curies":[{"name":"wp","href":"https:\/\/api.w.org\/{rel}","templated":true}]}}