{"id":57,"date":"2017-02-22T10:20:54","date_gmt":"2017-02-22T09:20:54","guid":{"rendered":"http:\/\/bru-stars.be\/?page_id=57"},"modified":"2024-12-05T14:35:47","modified_gmt":"2024-12-05T13:35:47","slug":"double-diagnostic","status":"publish","type":"page","link":"https:\/\/www.bru-stars.be\/nl\/programmes-et-offres-de-soins\/double-diagnostic\/","title":{"rendered":"Double diagnostic"},"content":{"rendered":"<style>\r\n    body {\r\n        font-family: Poppins, sans-serif;\r\n        line-height: 1.6;\r\n        margin: 0;\r\n        background-color: #f4f4f4;\r\n    }\r\n    .article {<br \/>\r\n        background: #fff;\r\n        margin: 20px 0;\r\n        padding: 20px;\r\n        border-radius: 8px;\r\n        box-shadow: 0 0 10px rgba(0, 0, 0, 0.3);\r\n    }\r\n    .article h4 {\r\n        font-size: 18pt;\r\n        color: #2a2d75;\r\n        margin-bottom: 10px;\r\n    }\r\n    .article span {\r\n        color: #1c2948;\r\n    }\r\n    details {\r\n        margin-bottom: 10px;\r\n    }\r\n    summary {\r\n        font-size: 1em;\r\n        cursor: pointer;\r\n        color: #007bff;\r\n        list-style: none; \/* Verwijdert de stippen voor lijstitems *\/\r\n        padding: 0;\r\n        margin: 0;\r\n        display: inline-block; \/* Pour s'assurer que ::after est bien affich\u00e9 *\/\r\n    }\r\n    summary::-webkit-details-marker {\r\n        display: none; \/* Verbergt het standaardpictogram *\/\r\n    }\r\n    details[open] summary::after {\r\n        content: \" -\"; \/* Toont \"-\" wanneer de inhoud open is *\/\r\n        color: #007bff;\r\n    }\r\n    details summary::after {\r\n        content: \"Lees meer\"; \/* Toont \"Lees meer\" wanneer de inhoud gesloten is *\/\r\n        color: #007bff;\r\n    }\r\n<\/style>\r\n\r\n\r\n<p><strong><em>Qui\u00a0?<\/em><\/strong> Pour les enfants et les adolescents pr\u00e9sentant un double diagnostic &#8211; d\u00e9ficience intellectuelle et probl\u00e8me de sant\u00e9 mentale (troubles du comportement et\/ou troubles psychiatriques) &#8211; et leur entourage.<\/p>\r\n<p><strong><em>Quoi\u00a0?<\/em><\/strong> Le groupe cible aspire \u00e0 une meilleure qualit\u00e9 de vie gr\u00e2ce \u00e0 l\u2019acc\u00e8s \u00e0 une offre de soins en sant\u00e9 mentale adapt\u00e9e \u00e0 leurs besoins sp\u00e9cifiques :<\/p>\r\n<ul>\r\n<li>Niveau de l\u2019\u00e9change de l\u2019information.<\/li>\r\n<li>Continuit\u00e9 des soins<\/li>\r\n<li>Articulations entre professionnels et services<\/li>\r\n<li>Situations de crise\u00a0?<\/li>\r\n<li>Accompagnement des familles et professionnels dans le r\u00e9seau de soins<\/li>\r\n<li>Am\u00e9liorer la formation du personnel (aussi faire le lien avec Crosslink\u00a0et CM)<\/li>\r\n<\/ul>\r\n<p><strong><em>Comment\u00a0? <\/em><\/strong>Ce programme est en cours d\u2019\u00e9laboration. De plus amples informations et une mise \u00e0 jour se feront au fur et \u00e0 mesure de l\u2019avancement du programme.<\/p>\r\n<p>Bru-Stars a opt\u00e9 pour la mise en place d\u2019un r\u00e9f\u00e9rent Double Diagnostic pour chaque sous-groupe dans les \u00e9quipes mobiles Crise\/Care afin d\u2019aider \u00e0 la r\u00e9flexion dans ces situations pr\u00e9cises.<\/p>\r\n<ul>\r\n<li><u>Pour plus d\u2019informations, suivre le lien suivant\u00a0:<\/u><\/li>\r\n<\/ul>\r\n<p>Pour les enfants et les adolescents pr\u00e9sentant un double diagnostic &#8211; d\u00e9ficience intellectuelle et probl\u00e8me de sant\u00e9 mentale (troubles du comportement et\/ou troubles psychiatriques) &#8211; et leur entourage, il n&#8217;est pas toujours \u00e9vident d&#8217;obtenir une r\u00e9ponse adapt\u00e9e \u00e0 leurs besoins dans le cadre de soins en sant\u00e9 mentale.<\/p>\r\n<p>Le Conseil sup\u00e9rieur de la Sant\u00e9 (CSS) a rendu en d\u00e9cembre 2015 un avis concernant ce groupe cible, ses besoins sp\u00e9cifiques et la n\u00e9cessit\u00e9 de cr\u00e9er ou non des services hospitaliers sp\u00e9cialis\u00e9s1\u00a0. Sur base d&#8217;auditions, d&#8217;une \u00e9tude de la litt\u00e9rature scientifique pertinente et de l&#8217;avis d&#8217;un expert international, on constate que le groupe cible aspire \u00e0 une vie de meilleure qualit\u00e9 gr\u00e2ce \u00e0 l\u2019acc\u00e8s \u00e0 une offre de soins en sant\u00e9 mentale adapt\u00e9e. \u00c0 ce jour, cette offre de soins en sant\u00e9 mentale est insuffisamment adapt\u00e9e \u00e0 leurs besoins sp\u00e9cifiques, et, en particulier au niveau de l\u2019\u00e9change de l\u2019information.<\/p>\r\n<p>Le CSS formule trois recommandations pour rencontrer les besoins du groupe cible :<\/p>\r\n<ol>\r\n<li>Am\u00e9liorer l&#8217;acc\u00e8s aux services pour ces personnes par le d\u00e9veloppement d&#8217;un r\u00e9seau offrant la garantie d&#8217;un circuit de soins complet sur le terrain. Ce r\u00e9seau doit impliquer tous les secteurs (sant\u00e9 mentale, sant\u00e9, handicap, enseignement, travail, aide \u00e0 la jeunesse, justice), il doit \u00eatre inclusif et ax\u00e9 sur la personne.<\/li>\r\n<li>Am\u00e9liorer la formation du personnel de tous les services et veiller \u00e0 ce qu&#8217;ils m\u00e8nent une r\u00e9flexion sur les pratiques qu&#8217;ils appliquent.<\/li>\r\n<li>Pr\u00e9voir des places sp\u00e9cialis\u00e9es pour les cas les plus complexes. Le CSS pr\u00e9cise \u00e9galement comment il faudrait organiser les services sp\u00e9cialis\u00e9s (services hospitaliers, services de r\u00e9adaptation et d&#8217;h\u00e9bergement). Ces places sp\u00e9cialis\u00e9es ne doivent toutefois pas se substituer au travail accompli par les structures g\u00e9n\u00e9rales lorsque c&#8217;est possible. Cette troisi\u00e8me recommandation ne doit pas \u00eatre dissoci\u00e9e des deux autres. Un meilleur acc\u00e8s \u00e0 l&#8217;ensemble des services et une plus grande ad\u00e9quation de ceux-ci (par la formation du personnel et le d\u00e9veloppement de r\u00e9seaux) sont, en effet, des conditions indispensables pour \u00e9viter que ces places sp\u00e9cialis\u00e9es ne deviennent l&#8217;unique r\u00e9ponse pour ces personnes et s&#8217;av\u00e8rent donc tr\u00e8s vite insuffisantes.<\/li>\r\n<\/ol>\r\n<p>Sur la base de l&#8217;avis du CSS nous voulons poursuivre le d\u00e9veloppement de l&#8217;offre des soins en sant\u00e9 mentale pour enfants et adolescents pr\u00e9sentant un double diagnostic.<\/p>\r\n<p><a href=\"http:\/\/www.bru-stars.be\/programmes-et-offres-de-soins\/soins-de-crise\/soins-mobiles\/em-bru-stars\/\" target=\"_blank\" rel=\"noopener noreferrer\">Plus d\u2019infos sur nos \u00e9quipes mobiles<\/a><\/p>\r\n<p><a href=\"http:\/\/www.bru-stars.be\/cas-cliniques-dd\/\" target=\"_blank\" rel=\"noopener noreferrer\">Quelques exemples de cas cliniques<\/a><\/p>\r\n<p>Flyer :\u00a0<a href=\"http:\/\/www.bru-stars.be\/wp-content\/uploads\/2018\/09\/BruStars-Folder-\u00e9quipe-mobile-2018-06-FR.pdf\">BruStars Folder \u00e9quipe mobile 2018-06 FR<\/a><\/p>","protected":false},"excerpt":{"rendered":"<p>Qui\u00a0? Pour les enfants et les adolescents pr\u00e9sentant un double diagnostic &#8211; d\u00e9ficience intellectuelle et probl\u00e8me de sant\u00e9 mentale (troubles du comportement et\/ou troubles psychiatriques) &#8211; et leur entourage. Quoi\u00a0?<a href=\"https:\/\/www.bru-stars.be\/nl\/programmes-et-offres-de-soins\/double-diagnostic\/\" class=\"more-link\">Read More <span class=\"screen-reader-text\">Double diagnostic<\/span><\/a><\/p>\n","protected":false},"author":1,"featured_media":0,"parent":43,"menu_order":0,"comment_status":"closed","ping_status":"closed","template":"","meta":{"om_disable_all_campaigns":false,"_monsterinsights_skip_tracking":false,"_monsterinsights_sitenote_active":false,"_monsterinsights_sitenote_note":"","_monsterinsights_sitenote_category":0,"_uf_show_specific_survey":0,"_uf_disable_surveys":false,"footnotes":""},"aioseo_notices":[],"yoast_head":"<!-- This site is optimized with the Yoast SEO plugin v21.0 - https:\/\/yoast.com\/wordpress\/plugins\/seo\/ -->\n<title>Double diagnostic - Bru-Stars<\/title>\n<meta name=\"robots\" content=\"index, follow, max-snippet:-1, max-image-preview:large, max-video-preview:-1\" \/>\n<link rel=\"canonical\" href=\"http:\/\/www.bru-stars.be\/nl\/programmes-et-offres-de-soins\/double-diagnostic\/\" \/>\n<meta property=\"og:locale\" content=\"nl_NL\" \/>\n<meta property=\"og:type\" content=\"article\" \/>\n<meta property=\"og:title\" content=\"Double diagnostic - Bru-Stars\" \/>\n<meta property=\"og:description\" content=\"Qui\u00a0? Pour les enfants et les adolescents pr\u00e9sentant un double diagnostic &#8211; d\u00e9ficience intellectuelle et probl\u00e8me de sant\u00e9 mentale (troubles du comportement et\/ou troubles psychiatriques) &#8211; et leur entourage. Quoi\u00a0?Read More Double diagnostic\" \/>\n<meta property=\"og:url\" content=\"http:\/\/www.bru-stars.be\/nl\/programmes-et-offres-de-soins\/double-diagnostic\/\" \/>\n<meta property=\"og:site_name\" content=\"Bru-Stars\" \/>\n<meta property=\"article:modified_time\" content=\"2024-12-05T13:35:47+00:00\" \/>\n<meta name=\"twitter:card\" content=\"summary_large_image\" \/>\n<meta name=\"twitter:label1\" content=\"Geschatte leestijd\" \/>\n\t<meta name=\"twitter:data1\" content=\"8 minuten\" \/>\n<script type=\"application\/ld+json\" class=\"yoast-schema-graph\">{\"@context\":\"https:\/\/schema.org\",\"@graph\":[{\"@type\":\"WebPage\",\"@id\":\"http:\/\/www.bru-stars.be\/nl\/programmes-et-offres-de-soins\/double-diagnostic\/\",\"url\":\"http:\/\/www.bru-stars.be\/nl\/programmes-et-offres-de-soins\/double-diagnostic\/\",\"name\":\"Double diagnostic - Bru-Stars\",\"isPartOf\":{\"@id\":\"https:\/\/www.bru-stars.be\/#website\"},\"datePublished\":\"2017-02-22T09:20:54+00:00\",\"dateModified\":\"2024-12-05T13:35:47+00:00\",\"breadcrumb\":{\"@id\":\"http:\/\/www.bru-stars.be\/nl\/programmes-et-offres-de-soins\/double-diagnostic\/#breadcrumb\"},\"inLanguage\":\"nl-NL\",\"potentialAction\":[{\"@type\":\"ReadAction\",\"target\":[\"http:\/\/www.bru-stars.be\/nl\/programmes-et-offres-de-soins\/double-diagnostic\/\"]}]},{\"@type\":\"BreadcrumbList\",\"@id\":\"http:\/\/www.bru-stars.be\/nl\/programmes-et-offres-de-soins\/double-diagnostic\/#breadcrumb\",\"itemListElement\":[{\"@type\":\"ListItem\",\"position\":1,\"name\":\"Accueil\",\"item\":\"https:\/\/www.bru-stars.be\/\"},{\"@type\":\"ListItem\",\"position\":2,\"name\":\"Programmes\",\"item\":\"http:\/\/www.bru-stars.be\/programmes-et-offres-de-soins\/\"},{\"@type\":\"ListItem\",\"position\":3,\"name\":\"Double diagnostic\"}]},{\"@type\":\"WebSite\",\"@id\":\"https:\/\/www.bru-stars.be\/#website\",\"url\":\"https:\/\/www.bru-stars.be\/\",\"name\":\"Bru-Stars\",\"description\":\"R\u00e9seau bruxellois en sante mentale pour enfants et adolescents \u00b7 Brussels netwerk geestelijke gezondheid voor kinderen en jongeren\",\"publisher\":{\"@id\":\"https:\/\/www.bru-stars.be\/#organization\"},\"potentialAction\":[{\"@type\":\"SearchAction\",\"target\":{\"@type\":\"EntryPoint\",\"urlTemplate\":\"https:\/\/www.bru-stars.be\/?s={search_term_string}\"},\"query-input\":\"required name=search_term_string\"}],\"inLanguage\":\"nl-NL\"},{\"@type\":\"Organization\",\"@id\":\"https:\/\/www.bru-stars.be\/#organization\",\"name\":\"Bru-Stars\",\"url\":\"https:\/\/www.bru-stars.be\/\",\"logo\":{\"@type\":\"ImageObject\",\"inLanguage\":\"nl-NL\",\"@id\":\"https:\/\/www.bru-stars.be\/#\/schema\/logo\/image\/\",\"url\":\"https:\/\/www.bru-stars.be\/wp-content\/uploads\/2024\/07\/nouveau-logo-brustars.svg\",\"contentUrl\":\"https:\/\/www.bru-stars.be\/wp-content\/uploads\/2024\/07\/nouveau-logo-brustars.svg\",\"caption\":\"Bru-Stars\"},\"image\":{\"@id\":\"https:\/\/www.bru-stars.be\/#\/schema\/logo\/image\/\"}}]}<\/script>\n<!-- \/ Yoast SEO plugin. -->","yoast_head_json":{"title":"Double diagnostic - Bru-Stars","robots":{"index":"index","follow":"follow","max-snippet":"max-snippet:-1","max-image-preview":"max-image-preview:large","max-video-preview":"max-video-preview:-1"},"canonical":"http:\/\/www.bru-stars.be\/nl\/programmes-et-offres-de-soins\/double-diagnostic\/","og_locale":"nl_NL","og_type":"article","og_title":"Double diagnostic - Bru-Stars","og_description":"Qui\u00a0? Pour les enfants et les adolescents pr\u00e9sentant un double diagnostic &#8211; d\u00e9ficience intellectuelle et probl\u00e8me de sant\u00e9 mentale (troubles du comportement et\/ou troubles psychiatriques) &#8211; et leur entourage. Quoi\u00a0?Read More Double diagnostic","og_url":"http:\/\/www.bru-stars.be\/nl\/programmes-et-offres-de-soins\/double-diagnostic\/","og_site_name":"Bru-Stars","article_modified_time":"2024-12-05T13:35:47+00:00","twitter_card":"summary_large_image","twitter_misc":{"Geschatte leestijd":"8 minuten"},"schema":{"@context":"https:\/\/schema.org","@graph":[{"@type":"WebPage","@id":"http:\/\/www.bru-stars.be\/nl\/programmes-et-offres-de-soins\/double-diagnostic\/","url":"http:\/\/www.bru-stars.be\/nl\/programmes-et-offres-de-soins\/double-diagnostic\/","name":"Double diagnostic - Bru-Stars","isPartOf":{"@id":"https:\/\/www.bru-stars.be\/#website"},"datePublished":"2017-02-22T09:20:54+00:00","dateModified":"2024-12-05T13:35:47+00:00","breadcrumb":{"@id":"http:\/\/www.bru-stars.be\/nl\/programmes-et-offres-de-soins\/double-diagnostic\/#breadcrumb"},"inLanguage":"nl-NL","potentialAction":[{"@type":"ReadAction","target":["http:\/\/www.bru-stars.be\/nl\/programmes-et-offres-de-soins\/double-diagnostic\/"]}]},{"@type":"BreadcrumbList","@id":"http:\/\/www.bru-stars.be\/nl\/programmes-et-offres-de-soins\/double-diagnostic\/#breadcrumb","itemListElement":[{"@type":"ListItem","position":1,"name":"Accueil","item":"https:\/\/www.bru-stars.be\/"},{"@type":"ListItem","position":2,"name":"Programmes","item":"http:\/\/www.bru-stars.be\/programmes-et-offres-de-soins\/"},{"@type":"ListItem","position":3,"name":"Double diagnostic"}]},{"@type":"WebSite","@id":"https:\/\/www.bru-stars.be\/#website","url":"https:\/\/www.bru-stars.be\/","name":"Bru-Stars","description":"R\u00e9seau bruxellois en sante mentale pour enfants et adolescents \u00b7 Brussels netwerk geestelijke gezondheid voor kinderen en jongeren","publisher":{"@id":"https:\/\/www.bru-stars.be\/#organization"},"potentialAction":[{"@type":"SearchAction","target":{"@type":"EntryPoint","urlTemplate":"https:\/\/www.bru-stars.be\/?s={search_term_string}"},"query-input":"required name=search_term_string"}],"inLanguage":"nl-NL"},{"@type":"Organization","@id":"https:\/\/www.bru-stars.be\/#organization","name":"Bru-Stars","url":"https:\/\/www.bru-stars.be\/","logo":{"@type":"ImageObject","inLanguage":"nl-NL","@id":"https:\/\/www.bru-stars.be\/#\/schema\/logo\/image\/","url":"https:\/\/www.bru-stars.be\/wp-content\/uploads\/2024\/07\/nouveau-logo-brustars.svg","contentUrl":"https:\/\/www.bru-stars.be\/wp-content\/uploads\/2024\/07\/nouveau-logo-brustars.svg","caption":"Bru-Stars"},"image":{"@id":"https:\/\/www.bru-stars.be\/#\/schema\/logo\/image\/"}}]}},"_links":{"self":[{"href":"https:\/\/www.bru-stars.be\/nl\/wp-json\/wp\/v2\/pages\/57"}],"collection":[{"href":"https:\/\/www.bru-stars.be\/nl\/wp-json\/wp\/v2\/pages"}],"about":[{"href":"https:\/\/www.bru-stars.be\/nl\/wp-json\/wp\/v2\/types\/page"}],"author":[{"embeddable":true,"href":"https:\/\/www.bru-stars.be\/nl\/wp-json\/wp\/v2\/users\/1"}],"replies":[{"embeddable":true,"href":"https:\/\/www.bru-stars.be\/nl\/wp-json\/wp\/v2\/comments?post=57"}],"version-history":[{"count":9,"href":"https:\/\/www.bru-stars.be\/nl\/wp-json\/wp\/v2\/pages\/57\/revisions"}],"predecessor-version":[{"id":2306,"href":"https:\/\/www.bru-stars.be\/nl\/wp-json\/wp\/v2\/pages\/57\/revisions\/2306"}],"up":[{"embeddable":true,"href":"https:\/\/www.bru-stars.be\/nl\/wp-json\/wp\/v2\/pages\/43"}],"wp:attachment":[{"href":"https:\/\/www.bru-stars.be\/nl\/wp-json\/wp\/v2\/media?parent=57"}],"curies":[{"name":"wp","href":"https:\/\/api.w.org\/{rel}","templated":true}]}}